{"id":397,"date":"2022-11-29T15:19:14","date_gmt":"2022-11-29T14:19:14","guid":{"rendered":"https:\/\/sites.ensfea.fr\/reflexanim\/?page_id=397"},"modified":"2024-03-08T11:25:11","modified_gmt":"2024-03-08T10:25:11","slug":"les-rencontres-des-elu-e-s-alesa","status":"publish","type":"page","link":"https:\/\/sites.ensfea.fr\/reflexanim\/les-rencontres-des-elu-e-s-alesa\/","title":{"rendered":"Rencontres ALESA 2023"},"content":{"rendered":"\n<p>Cette page est d\u00e9di\u00e9e \u00e0 l&rsquo;organisation  des rencontres et aux propositions qui en d\u00e9couleront<\/p>\n\n\n\n<hr class=\"wp-block-separator aligncenter has-alpha-channel-opacity\" \/>\n\n\n\n<p class=\"has-luminous-vivid-orange-color has-text-color\"><strong>30 novembre 2022<\/strong><\/p>\n\n\n\n<p>Pour candidater, apr\u00e8s discussion en bureau ALESA les jeunes peuvent faire part de leur intention de participer en r\u00e9pondant \u00e0 ce questionnaire en ligne<\/p>\n\n\n\n<p><strong><a href=\"https:\/\/limesurvey.ensfea.fr\/index.php\/837114?newtest=Y&amp;lang=fr\" target=\"_blank\" rel=\"noreferrer noopener\">Candidater en ligne<\/a><\/strong><\/p>\n\n\n\n<hr class=\"wp-block-separator aligncenter has-alpha-channel-opacity\" \/>\n\n\n\n<p class=\"has-luminous-vivid-orange-color has-text-color\"><strong>28 novembre 2022<\/strong><\/p>\n\n\n\n<p>le cadre du dispositif national d&rsquo;accompagnement la DGER a d\u00e9cid\u00e9 d&rsquo;organiser une rencontre nationale des \u00e9lu.e.s ALESA du 31 janvier au 2 f\u00e9vrier \u00e0 Rambouillet et Paris. L&rsquo;organisation est confi\u00e9e \u00e0 l&rsquo;ENSFEA.<\/p>\n\n\n\n<p>Les frais (d\u00e9placement repas h\u00e9bergement)&nbsp; seront pris en charge pour 2 \u00e9lu.e.s par r\u00e9gion. Il s&rsquo;agit d\u00e8s \u00e0 pr\u00e9sent d&rsquo;informer les jeunes \u00e9lu.e.s et de conna\u00eetre leur envie d&rsquo;y participer. L&rsquo;objectif de ces rencontres est de mettre au jour des probl\u00e9matiques communes, de faire \u00e9merger des attentes concernant le fonctionnement des ALESA et des pistes pour des \u00e9changes p\u00e9rennes. Un programme sera \u00e9tabli suite au questionnaire et diffus\u00e9 largement.<\/p>\n\n\n\n<p>Ces rencontres seront communes au conseil national des d\u00e9l\u00e9gu\u00e9.e.s \u00e9l\u00e8ves (qui regroupe les d\u00e9l\u00e9gu\u00e9.e.s r\u00e9gionaux). Ce sera l\u2019occasion de temps communs d\u2019atelier et aussi une possible mutualisation pour le transport. Les \u00e9l\u00e8ves mineur.e.s devront \u00eatre accompagn\u00e9.e.s par un.e adulte dont les frais seront prise en charge. L\u2019intendance sera organis\u00e9e dans un deuxi\u00e8me temps.<\/p>\n\n\n\n<p>Nous vous proposons de recueillir les envies des jeunes d&rsquo;y participer apr\u00e8s discussion en Bureau ALESA, via ce <a href=\"https:\/\/limesurvey.ensfea.fr\/index.php\/837114?newtest=Y&amp;lang=fr\" target=\"_blank\" rel=\"noreferrer noopener\">questionnaire en ligne<\/a><\/p>\n\n\n\n<p>Date de retour des r\u00e9ponses le 17 d\u00e9cembre 2022.<\/p>\n\n\n\n<div data-wp-interactive=\"core\/file\" class=\"wp-block-file\"><object data-wp-bind--hidden=\"!state.hasPdfPreview\" hidden class=\"wp-block-file__embed\" data=\"https:\/\/sites.ensfea.fr\/reflexanim\/wp-content\/uploads\/sites\/24\/2022\/11\/Tract-Rencotre-elues-ALESA-1.pdf\" type=\"application\/pdf\" style=\"width:100%;height:600px\" aria-label=\"Contenu embarqu\u00e9 Contenu embarqu\u00e9 Tract-Rencotre-elues ALESA..\"><\/object><a id=\"wp-block-file--media-c2e88908-0b74-4643-b6f5-1d55b2def905\" href=\"https:\/\/sites.ensfea.fr\/reflexanim\/wp-content\/uploads\/sites\/24\/2022\/11\/Tract-Rencotre-elues-ALESA-1.pdf\">Tract-Rencotre-elues ALESA<\/a><a href=\"https:\/\/sites.ensfea.fr\/reflexanim\/wp-content\/uploads\/sites\/24\/2022\/11\/Tract-Rencotre-elues-ALESA-1.pdf\" class=\"wp-block-file__button\" download aria-describedby=\"wp-block-file--media-c2e88908-0b74-4643-b6f5-1d55b2def905\">T\u00e9l\u00e9charger<\/a><\/div>\n","protected":false},"excerpt":{"rendered":"<p>Cette page est d\u00e9di\u00e9e \u00e0 l&rsquo;organisation des rencontres et aux propositions qui en d\u00e9couleront 30 novembre 2022 Pour candidater, apr\u00e8s discussion en bureau ALESA les jeunes peuvent faire part de leur intention de participer en r\u00e9pondant \u00e0 ce questionnaire en ligne Candidater en ligne 28 novembre 2022 le cadre du dispositif national d&rsquo;accompagnement la DGER &hellip; <\/p>\n<p class=\"link-more\"><a href=\"https:\/\/sites.ensfea.fr\/reflexanim\/les-rencontres-des-elu-e-s-alesa\/\" class=\"more-link\">Continuer la lecture<span class=\"screen-reader-text\"> de &laquo;&nbsp;Rencontres ALESA 2023&nbsp;&raquo;<\/span><\/a><\/p>\n","protected":false},"author":18,"featured_media":408,"parent":0,"menu_order":0,"comment_status":"closed","ping_status":"closed","template":"","meta":{"_uag_custom_page_level_css":"","footnotes":""},"class_list":["post-397","page","type-page","status-publish","has-post-thumbnail","hentry"],"uagb_featured_image_src":{"full":["https:\/\/sites.ensfea.fr\/reflexanim\/wp-content\/uploads\/sites\/24\/2022\/11\/vignette.png",400,405,false],"thumbnail":["https:\/\/sites.ensfea.fr\/reflexanim\/wp-content\/uploads\/sites\/24\/2022\/11\/vignette-150x150.png",150,150,true],"medium":["https:\/\/sites.ensfea.fr\/reflexanim\/wp-content\/uploads\/sites\/24\/2022\/11\/vignette-296x300.png",296,300,true],"medium_large":["https:\/\/sites.ensfea.fr\/reflexanim\/wp-content\/uploads\/sites\/24\/2022\/11\/vignette.png",400,405,false],"large":["https:\/\/sites.ensfea.fr\/reflexanim\/wp-content\/uploads\/sites\/24\/2022\/11\/vignette.png",400,405,false],"1536x1536":["https:\/\/sites.ensfea.fr\/reflexanim\/wp-content\/uploads\/sites\/24\/2022\/11\/vignette.png",400,405,false],"2048x2048":["https:\/\/sites.ensfea.fr\/reflexanim\/wp-content\/uploads\/sites\/24\/2022\/11\/vignette.png",400,405,false],"twentyseventeen-featured-image":["https:\/\/sites.ensfea.fr\/reflexanim\/wp-content\/uploads\/sites\/24\/2022\/11\/vignette.png",400,405,false],"twentyseventeen-thumbnail-avatar":["https:\/\/sites.ensfea.fr\/reflexanim\/wp-content\/uploads\/sites\/24\/2022\/11\/vignette-100x100.png",100,100,true]},"uagb_author_info":{"display_name":"Francis Gaillard","author_link":"https:\/\/sites.ensfea.fr\/reflexanim\/author\/fgaillard\/"},"uagb_comment_info":0,"uagb_excerpt":"Cette page est d\u00e9di\u00e9e \u00e0 l&rsquo;organisation des rencontres et aux propositions qui en d\u00e9couleront 30 novembre 2022 Pour candidater, apr\u00e8s discussion en bureau ALESA les jeunes peuvent faire part de leur intention de participer en r\u00e9pondant \u00e0 ce questionnaire en ligne Candidater en ligne 28 novembre 2022 le cadre du dispositif national d&rsquo;accompagnement la DGER\u2026","_links":{"self":[{"href":"https:\/\/sites.ensfea.fr\/reflexanim\/wp-json\/wp\/v2\/pages\/397","targetHints":{"allow":["GET"]}}],"collection":[{"href":"https:\/\/sites.ensfea.fr\/reflexanim\/wp-json\/wp\/v2\/pages"}],"about":[{"href":"https:\/\/sites.ensfea.fr\/reflexanim\/wp-json\/wp\/v2\/types\/page"}],"author":[{"embeddable":true,"href":"https:\/\/sites.ensfea.fr\/reflexanim\/wp-json\/wp\/v2\/users\/18"}],"replies":[{"embeddable":true,"href":"https:\/\/sites.ensfea.fr\/reflexanim\/wp-json\/wp\/v2\/comments?post=397"}],"version-history":[{"count":10,"href":"https:\/\/sites.ensfea.fr\/reflexanim\/wp-json\/wp\/v2\/pages\/397\/revisions"}],"predecessor-version":[{"id":437,"href":"https:\/\/sites.ensfea.fr\/reflexanim\/wp-json\/wp\/v2\/pages\/397\/revisions\/437"}],"wp:featuredmedia":[{"embeddable":true,"href":"https:\/\/sites.ensfea.fr\/reflexanim\/wp-json\/wp\/v2\/media\/408"}],"wp:attachment":[{"href":"https:\/\/sites.ensfea.fr\/reflexanim\/wp-json\/wp\/v2\/media?parent=397"}],"curies":[{"name":"wp","href":"https:\/\/api.w.org\/{rel}","templated":true}]}}