{"id":482,"date":"2024-07-12T08:39:46","date_gmt":"2024-07-12T06:39:46","guid":{"rendered":"https:\/\/sites.ensfea.fr\/reflexanim\/?page_id=482"},"modified":"2026-02-06T10:23:35","modified_gmt":"2026-02-06T09:23:35","slug":"de-less-dans-mon-alesa","status":"publish","type":"page","link":"https:\/\/sites.ensfea.fr\/reflexanim\/de-less-dans-mon-alesa\/","title":{"rendered":"De l&rsquo;ESS dans mon ALESA 2024-2025"},"content":{"rendered":"\n<figure class=\"wp-block-image size-full is-resized\"><img loading=\"lazy\" decoding=\"async\" width=\"616\" height=\"177\" src=\"https:\/\/sites.ensfea.fr\/reflexanim\/wp-content\/uploads\/sites\/24\/2024\/09\/logo_entete.jpg\" alt=\"\" class=\"wp-image-504\" style=\"width:420px;height:auto\" srcset=\"https:\/\/sites.ensfea.fr\/reflexanim\/wp-content\/uploads\/sites\/24\/2024\/09\/logo_entete.jpg 616w, https:\/\/sites.ensfea.fr\/reflexanim\/wp-content\/uploads\/sites\/24\/2024\/09\/logo_entete-300x86.jpg 300w\" sizes=\"auto, (max-width: 616px) 100vw, 616px\" \/><\/figure>\n\n\n\n<p>Cette action a permis d&rsquo;initier des projets relevant de l&rsquo;\u00e9conomie sociale et solidaire dans les ALESA. <\/p>\n\n\n\n<p>Un appel \u00e0 projet, un temps de mise en \u0153uvre et un regroupement des porteurs de projet<\/p>\n\n\n\n<h3 class=\"wp-block-heading\"><strong>Une ressource pour les \u00e9lu.e.s des bureaux ALESA et pour celles et ceux qui les accompagnent<\/strong><\/h3>\n\n\n\n<div data-wp-interactive=\"core\/file\" class=\"wp-block-file\"><object data-wp-bind--hidden=\"!state.hasPdfPreview\" hidden class=\"wp-block-file__embed\" data=\"https:\/\/sites.ensfea.fr\/reflexanim\/wp-content\/uploads\/sites\/24\/2026\/02\/conseils-ESS-ALESA-2025.pdf\" type=\"application\/pdf\" style=\"width:100%;height:600px\" aria-label=\"Contenu embarqu\u00e9 conseils-ESS-ALESA-2025.\"><\/object><a id=\"wp-block-file--media-219b839e-0187-4c69-87ee-bd6041724b29\" href=\"https:\/\/sites.ensfea.fr\/reflexanim\/wp-content\/uploads\/sites\/24\/2026\/02\/conseils-ESS-ALESA-2025.pdf\">conseils-ESS-ALESA-2025<\/a><a href=\"https:\/\/sites.ensfea.fr\/reflexanim\/wp-content\/uploads\/sites\/24\/2026\/02\/conseils-ESS-ALESA-2025.pdf\" class=\"wp-block-file__button wp-element-button\" download aria-describedby=\"wp-block-file--media-219b839e-0187-4c69-87ee-bd6041724b29\">T\u00e9l\u00e9charger<\/a><\/div>\n\n\n\n<p><\/p>\n\n\n\n<h4 class=\"wp-block-heading\">Les projets retenus<\/h4>\n\n\n\n<ul class=\"wp-block-list\">\n<li>L\u2019ale\u2019sape &#8211; ALESA LPA Les Calanques<\/li>\n\n\n\n<li>Une 2\u00e8me vie pour un bien vivre ensemble durable &#8211; ALESA St Yriex<\/li>\n\n\n\n<li>On ne jette plus, c\u2019est \u00e7a qui en jette &#8211; ALESA Mugron<\/li>\n\n\n\n<li>R\u00e9par\u2019acteurs\u00a0: le repair caf\u00e9 des lyc\u00e9ens &#8211; ALESA Grenoble St Ismier<\/li>\n\n\n\n<li>Troque la vie &#8211; ALESA La Tour du Pin<\/li>\n\n\n\n<li>Esprit de partage &#8211; ALESA Antibes<\/li>\n\n\n\n<li>R\u00e9colte et partage\u00a0: une alimentation saine et solidaire &#8211; ALESA Lyc\u00e9e Aubrac Davay\u00e9<\/li>\n\n\n\n<li>Pr\u00eat \u00e0 troquer &#8211; ALESA Pix<\/li>\n\n\n\n<li>Les Doudous fous  &#8211; ALESA Beaulieu Lavacant<\/li>\n\n\n\n<li>Des amigurumis au profit des enfants hospitalis\u00e9s &#8211; ALESA Pflixbourg<\/li>\n<\/ul>\n\n\n\n<h4 class=\"wp-block-heading\"><strong>Le programme de la journ\u00e9e de regroupement \u00e0 L&rsquo;ENSFEA \u00e0 Toulouse<\/strong><\/h4>\n\n\n\n<p><\/p>\n\n\n\n<div data-wp-interactive=\"core\/file\" class=\"wp-block-file\"><object data-wp-bind--hidden=\"!state.hasPdfPreview\" hidden class=\"wp-block-file__embed\" data=\"https:\/\/sites.ensfea.fr\/reflexanim\/wp-content\/uploads\/sites\/24\/2026\/02\/programme14mai-ESS-ALESA-envoi.pdf\" type=\"application\/pdf\" style=\"width:100%;height:600px\" aria-label=\"Contenu embarqu\u00e9 programme14mai-ESS-ALESA-envoi.\"><\/object><a id=\"wp-block-file--media-ada592aa-1c7d-4e49-bf90-16dea2e38ac2\" href=\"https:\/\/sites.ensfea.fr\/reflexanim\/wp-content\/uploads\/sites\/24\/2026\/02\/programme14mai-ESS-ALESA-envoi.pdf\">programme14mai-ESS-ALESA-envoi<\/a><a href=\"https:\/\/sites.ensfea.fr\/reflexanim\/wp-content\/uploads\/sites\/24\/2026\/02\/programme14mai-ESS-ALESA-envoi.pdf\" class=\"wp-block-file__button wp-element-button\" download aria-describedby=\"wp-block-file--media-ada592aa-1c7d-4e49-bf90-16dea2e38ac2\">T\u00e9l\u00e9charger<\/a><\/div>\n\n\n\n<p><\/p>\n\n\n\n<p><strong>Appel \u00e0 projet<\/strong> et proc\u00e9dure de candidature tel qu&rsquo;il avait \u00e9t\u00e9 lance<\/p>\n\n\n\n<p>Votre ALESA peut obtenir un soutien financier (800 euros) pour mener un projet qui permette de d\u00e9velopper la solidarit\u00e9, le recyclage et l&rsquo;entraide.<\/p>\n\n\n\n<p>ce projet propos\u00e9 par l&rsquo;ALESA doit relever de l&rsquo;ESS (\u00c9conomie Sociale et Solidaire) et s\u2019inscrire dans ses 4 principes :<br>&#8211; <strong>Gestion d\u00e9mocratique<br>&#8211; Utilit\u00e9 collective ou sociale du projet ;<br>&#8211; Mixit\u00e9 des ressources (financi\u00e8res) ;<br>&#8211; Non-lucrativit\u00e9 individuelle<\/strong><\/p>\n\n\n\n<p>et se d\u00e9cliner dans l\u2019un (ou plusieurs) des champs th\u00e9matiques ci-dessous, en lien avec les objectifs de d\u00e9veloppement durable (ODD) et la lutte contre le r\u00e9chauffement climatique :<\/p>\n\n\n\n<p><strong>&#8211; Solidarit\u00e9,<\/strong> concevoir et d\u00e9velopper des actions envers des publics \u00e0 besoins particuliers. Par exemple : une sortie ALESA avec des jeunes d\u2019IME, une cr\u00e9ation ou une participation \u00e0 une \u00e9picerie solidaire \u2026<br><strong>&#8211; Recyclage,<\/strong> favoriser par l\u2019action, l\u2019\u00e9conomie circulaire, les circuits courts. Par exemple : cr\u00e9ation d\u2019une friperie, d\u2019une collecte et d\u2019un r\u00e9emploi de mat\u00e9riel sportif, \u2026<br><strong>&#8211; Entraide<\/strong>, entre associations ou structures pour mutualiser des moyens, des objectifs, des ressources. Par exemple un foyer Rural et une ALESA, une MDL et une ALESA.<\/p>\n\n\n\n<h4 class=\"wp-block-heading\">Le dossier \u00e0 t\u00e9l\u00e9charger et \u00e0 envoyer avant le 15 novembre par mail \u00e0 : ess.alesa@ensfea.fr<\/h4>\n\n\n\n<div class=\"wp-block-file\"><a id=\"wp-block-file--media-b9f9889e-007a-468f-8c9d-36146ee95b78\" href=\"https:\/\/sites.ensfea.fr\/reflexanim\/wp-content\/uploads\/sites\/24\/2024\/09\/formulaire-modifiable.odt\">formulaire-modifiable<\/a><a href=\"https:\/\/sites.ensfea.fr\/reflexanim\/wp-content\/uploads\/sites\/24\/2024\/09\/formulaire-modifiable.odt\" class=\"wp-block-file__button wp-element-button\" download aria-describedby=\"wp-block-file--media-b9f9889e-007a-468f-8c9d-36146ee95b78\">T\u00e9l\u00e9charger<\/a><\/div>\n\n\n\n<p><\/p>\n\n\n\n<p><\/p>\n\n\n\n<figure class=\"wp-block-image size-large\"><img loading=\"lazy\" decoding=\"async\" width=\"724\" height=\"1024\" src=\"https:\/\/sites.ensfea.fr\/reflexanim\/wp-content\/uploads\/sites\/24\/2024\/09\/ess-ALESA1-724x1024.png\" alt=\"\" class=\"wp-image-499\" srcset=\"https:\/\/sites.ensfea.fr\/reflexanim\/wp-content\/uploads\/sites\/24\/2024\/09\/ess-ALESA1-724x1024.png 724w, https:\/\/sites.ensfea.fr\/reflexanim\/wp-content\/uploads\/sites\/24\/2024\/09\/ess-ALESA1-212x300.png 212w, https:\/\/sites.ensfea.fr\/reflexanim\/wp-content\/uploads\/sites\/24\/2024\/09\/ess-ALESA1-768x1086.png 768w, https:\/\/sites.ensfea.fr\/reflexanim\/wp-content\/uploads\/sites\/24\/2024\/09\/ess-ALESA1-1086x1536.png 1086w, https:\/\/sites.ensfea.fr\/reflexanim\/wp-content\/uploads\/sites\/24\/2024\/09\/ess-ALESA1.png 1414w\" sizes=\"auto, (max-width: 724px) 100vw, 724px\" \/><\/figure>\n\n\n\n<h4 class=\"wp-block-heading\">Calendrier<\/h4>\n\n\n\n<ul class=\"wp-block-list\">\n<li>D\u00e9p\u00f4t du dossier en r\u00e9ponse \u00e0 l&rsquo;appel \u00e0 projets &#8211; 15 novembre 2024<\/li>\n\n\n\n<li>Publication des projets retenus &#8211; 29 novembre 2024<\/li>\n\n\n\n<li>Echanges en distanciel entre les porteurs de projet &#8211; mercredi 11 d\u00e9cembre<\/li>\n\n\n\n<li>R\u00e9alisation des actions &#8211; f\u00e9vrier-avril 2025 (notamment pendant la semaine de l&rsquo;ESS au mois de mars 2025)<\/li>\n\n\n\n<li>Retour d&rsquo;exp\u00e9rience et partage des r\u00e9alisations en pr\u00e9sentiel \u00e0 Toulouse &#8211; mercredi 14 mai 2025<\/li>\n<\/ul>\n\n\n\n<p><strong>Pourquoi cet appel \u00e0 projet<\/strong><\/p>\n\n\n\n<ul class=\"wp-block-list\">\n<li>Encourager l\u2019engagement et l\u2019initiative des jeunes via les ALESA ;<\/li>\n\n\n\n<li>D\u00e9velopper les principes de d\u00e9mocratie participative propices aux transitions ;<\/li>\n\n\n\n<li>D\u00e9velopper la coop\u00e9ration entre les jeunes engag\u00e9s dans les ALESA et dans d\u2019autres<br>dispositifs \u00e9ducatifs et p\u00e9dagogiques au sein de l\u2019enseignement agricole et dans les<br>territoires ;<\/li>\n\n\n\n<li>Conna\u00eetre et faire vivre les principes de l\u2019Economie Sociale et Solidaire (ESS) au sein des<br>\u00e9tablissements d\u2019enseignement agricole.<\/li>\n<\/ul>\n\n\n\n<h4 class=\"wp-block-heading\">La note de service publi\u00e9e le 25 juin 2024<\/h4>\n\n\n\n<div data-wp-interactive=\"core\/file\" class=\"wp-block-file\"><object data-wp-bind--hidden=\"!state.hasPdfPreview\" hidden class=\"wp-block-file__embed\" data=\"https:\/\/sites.ensfea.fr\/reflexanim\/wp-content\/uploads\/sites\/24\/2024\/09\/2024-346_final.pdf\" type=\"application\/pdf\" style=\"width:100%;height:600px\" aria-label=\"Contenu embarqu\u00e9 2024-346_final.\"><\/object><a id=\"wp-block-file--media-1eba5622-b41e-40cb-87a2-a3350a7c2828\" href=\"https:\/\/sites.ensfea.fr\/reflexanim\/wp-content\/uploads\/sites\/24\/2024\/09\/2024-346_final.pdf\">2024-346_final<\/a><a href=\"https:\/\/sites.ensfea.fr\/reflexanim\/wp-content\/uploads\/sites\/24\/2024\/09\/2024-346_final.pdf\" class=\"wp-block-file__button wp-element-button\" download aria-describedby=\"wp-block-file--media-1eba5622-b41e-40cb-87a2-a3350a7c2828\">T\u00e9l\u00e9charger<\/a><\/div>\n","protected":false},"excerpt":{"rendered":"<p>Cette action a permis d&rsquo;initier des projets relevant de l&rsquo;\u00e9conomie sociale et solidaire dans les ALESA. Un appel \u00e0 projet, un temps de mise en \u0153uvre et un regroupement des porteurs de projet Une ressource pour les \u00e9lu.e.s des bureaux ALESA et pour celles et ceux qui les accompagnent Les projets retenus Le programme de &hellip; <\/p>\n<p class=\"link-more\"><a href=\"https:\/\/sites.ensfea.fr\/reflexanim\/de-less-dans-mon-alesa\/\" class=\"more-link\">Continuer la lecture<span class=\"screen-reader-text\"> de &laquo;&nbsp;De l&rsquo;ESS dans mon ALESA 2024-2025&nbsp;&raquo;<\/span><\/a><\/p>\n","protected":false},"author":18,"featured_media":0,"parent":0,"menu_order":0,"comment_status":"closed","ping_status":"closed","template":"","meta":{"_uag_custom_page_level_css":"","footnotes":""},"class_list":["post-482","page","type-page","status-publish","hentry"],"uagb_featured_image_src":{"full":false,"thumbnail":false,"medium":false,"medium_large":false,"large":false,"1536x1536":false,"2048x2048":false,"twentyseventeen-featured-image":false,"twentyseventeen-thumbnail-avatar":false},"uagb_author_info":{"display_name":"Francis Gaillard","author_link":"https:\/\/sites.ensfea.fr\/reflexanim\/author\/fgaillard\/"},"uagb_comment_info":0,"uagb_excerpt":"Cette action a permis d&rsquo;initier des projets relevant de l&rsquo;\u00e9conomie sociale et solidaire dans les ALESA. Un appel \u00e0 projet, un temps de mise en \u0153uvre et un regroupement des porteurs de projet Une ressource pour les \u00e9lu.e.s des bureaux ALESA et pour celles et ceux qui les accompagnent Les projets retenus Le programme de\u2026","_links":{"self":[{"href":"https:\/\/sites.ensfea.fr\/reflexanim\/wp-json\/wp\/v2\/pages\/482","targetHints":{"allow":["GET"]}}],"collection":[{"href":"https:\/\/sites.ensfea.fr\/reflexanim\/wp-json\/wp\/v2\/pages"}],"about":[{"href":"https:\/\/sites.ensfea.fr\/reflexanim\/wp-json\/wp\/v2\/types\/page"}],"author":[{"embeddable":true,"href":"https:\/\/sites.ensfea.fr\/reflexanim\/wp-json\/wp\/v2\/users\/18"}],"replies":[{"embeddable":true,"href":"https:\/\/sites.ensfea.fr\/reflexanim\/wp-json\/wp\/v2\/comments?post=482"}],"version-history":[{"count":22,"href":"https:\/\/sites.ensfea.fr\/reflexanim\/wp-json\/wp\/v2\/pages\/482\/revisions"}],"predecessor-version":[{"id":522,"href":"https:\/\/sites.ensfea.fr\/reflexanim\/wp-json\/wp\/v2\/pages\/482\/revisions\/522"}],"wp:attachment":[{"href":"https:\/\/sites.ensfea.fr\/reflexanim\/wp-json\/wp\/v2\/media?parent=482"}],"curies":[{"name":"wp","href":"https:\/\/api.w.org\/{rel}","templated":true}]}}