{"id":540,"date":"2026-02-09T13:08:45","date_gmt":"2026-02-09T12:08:45","guid":{"rendered":"https:\/\/sites.ensfea.fr\/reflexanim\/?page_id=540"},"modified":"2026-04-08T09:59:26","modified_gmt":"2026-04-08T07:59:26","slug":"des-forum-regionaux-et-un-forum-national","status":"publish","type":"page","link":"https:\/\/sites.ensfea.fr\/reflexanim\/des-forum-regionaux-et-un-forum-national\/","title":{"rendered":"Forum ALESA 2025-2026"},"content":{"rendered":"\n<p>Un Forum national et des Forums r\u00e9gionaux<\/p>\n\n\n\n<p> <strong>La mise en relation des ALESA se construit petit \u00e0 petit. Dynamiser la vie associative, constituer des parcours d&rsquo;engagement, favoriser les \u00e9changes directs entre jeunes \u00e9lu.e.s , tels sont les objectifs de cette action initi\u00e9e par la DGER et mise en \u0153uvre par le r\u00e9seau CMA (Cultures, M\u00e9dias, Associations) et l&rsquo;ENSFEA.<\/strong><\/p>\n\n\n\n<div class=\"wp-block-group\"><div class=\"wp-block-group__inner-container is-layout-constrained wp-block-group-is-layout-constrained\">\n<h2 class=\"wp-block-heading\">Au Forum National<\/h2>\n\n\n\n<p>Les repr\u00e9sentantes et repr\u00e9sentants des ALESA, issu.e.s des Forums r\u00e9gionaux, se sont retrouv\u00e9s \u00e0 Brest pendant le Festival Longueur d&rsquo;ondes. L&rsquo;occasion de travailler des podcasts et d&rsquo;enregistrer une \u00e9mission en public. Mais aussi de rencontrer des acteurs locaux associatifs et engag\u00e9s dans l&rsquo;\u00e9conomie sociale et solidaire. Iels ont pu rencontrer les gestionnaires de tiers lieu et d&rsquo;espaces publics, la PAM et les Capucins. De quoi glaner des id\u00e9es d&rsquo;accueil dans les foyers et de cr\u00e9ation d&rsquo;activit\u00e9s nouvelles.<\/p>\n\n\n\n<p class=\"has-text-align-right\"><a href=\"https:\/\/padlet.com\/charly_vurpillot\/forum-national-alesa-brest-26-mka1nu5uwp4g0087\" data-type=\"link\" data-id=\"https:\/\/padlet.com\/charly_vurpillot\/forum-national-alesa-brest-26-mka1nu5uwp4g0087\" target=\"_blank\" rel=\"noreferrer noopener\">Programme complet<\/a><\/p>\n\n\n\n<figure class=\"wp-block-image size-large\"><img loading=\"lazy\" decoding=\"async\" width=\"1024\" height=\"238\" src=\"https:\/\/sites.ensfea.fr\/reflexanim\/wp-content\/uploads\/sites\/24\/2026\/02\/lbandeauaudioblog-1024x238.jpg\" alt=\"\" class=\"wp-image-554\" srcset=\"https:\/\/sites.ensfea.fr\/reflexanim\/wp-content\/uploads\/sites\/24\/2026\/02\/lbandeauaudioblog-1024x238.jpg 1024w, https:\/\/sites.ensfea.fr\/reflexanim\/wp-content\/uploads\/sites\/24\/2026\/02\/lbandeauaudioblog-300x70.jpg 300w, https:\/\/sites.ensfea.fr\/reflexanim\/wp-content\/uploads\/sites\/24\/2026\/02\/lbandeauaudioblog-768x178.jpg 768w, https:\/\/sites.ensfea.fr\/reflexanim\/wp-content\/uploads\/sites\/24\/2026\/02\/lbandeauaudioblog-1536x356.jpg 1536w, https:\/\/sites.ensfea.fr\/reflexanim\/wp-content\/uploads\/sites\/24\/2026\/02\/lbandeauaudioblog-2048x475.jpg 2048w\" sizes=\"auto, (max-width: 706px) 89vw, (max-width: 767px) 82vw, 740px\" \/><\/figure>\n\n\n\n<p class=\"has-black-color has-text-color has-link-color wp-elements-e132d8b1085207a435acf5b9922648a1\" style=\"font-style:normal;font-weight:600\">Les repr\u00e9sentant.e.s des ALESA ont enregistr\u00e9 une \u00e9mission qu&rsquo;iels avaient commenc\u00e9 \u00e0 pr\u00e9parer \u00e0 distance avec Pauline Maucort (France Culture). Habiter son lyc\u00e9e est le titre de cette \u00e9mission d&rsquo;1 heure enregistr\u00e9e devant un public lyc\u00e9en.<\/p>\n\n\n\n<div class=\"wp-block-columns is-layout-flex wp-container-core-columns-is-layout-9d6595d7 wp-block-columns-is-layout-flex\">\n<div class=\"wp-block-column is-layout-flow wp-block-column-is-layout-flow\" style=\"flex-basis:100%\">\n<figure class=\"wp-block-image is-resized size-full\"><a href=\"https:\/\/audioblog.arteradio.com\/blog\/268489\/podcast\/268510\/habiter-son-lycee\" target=\"_blank\" rel=\"Ecouter\"><img loading=\"lazy\" decoding=\"async\" width=\"799\" height=\"746\" src=\"https:\/\/sites.ensfea.fr\/reflexanim\/wp-content\/uploads\/sites\/24\/2026\/02\/loghabiterDate.jpg\" alt=\"\" class=\"wp-image-529\" style=\"aspect-ratio:1.0710313253998298;width:240px;height:auto\" srcset=\"https:\/\/sites.ensfea.fr\/reflexanim\/wp-content\/uploads\/sites\/24\/2026\/02\/loghabiterDate.jpg 799w, https:\/\/sites.ensfea.fr\/reflexanim\/wp-content\/uploads\/sites\/24\/2026\/02\/loghabiterDate-300x280.jpg 300w, https:\/\/sites.ensfea.fr\/reflexanim\/wp-content\/uploads\/sites\/24\/2026\/02\/loghabiterDate-768x717.jpg 768w\" sizes=\"auto, (max-width: 706px) 89vw, (max-width: 767px) 82vw, 740px\" \/><\/a><\/figure>\n<\/div>\n<\/div>\n<\/div><\/div>\n\n\n\n<p><em>Impressions et messages aux ALESA et au Minist\u00e8re<\/em><\/p>\n\n\n\n<p>forment un ensemble de 4 podcasts, r\u00e9alis\u00e9s en groupe, avec comme consignes : qu&rsquo;est-ce que ce forum vous a apport\u00e9, quel message souhaitez-vous faire passer aux ALESA de vos r\u00e9gions et quel message souhaitez-vous adresser au Minist\u00e8re de l&rsquo;Agriculture. Les 4 productions \u00e0 \u00e9couter :<\/p>\n\n\n\n<p>Forum ALESA impressions et messages &gt;&gt; <a href=\"https:\/\/audioblog.arteradio.com\/blog\/268489\/podcast\/268512\/forum-alesa-impressions-et-messages-1-4\" target=\"_blank\" rel=\"noreferrer noopener\">1\/4<\/a> &#8211; 5&rsquo;03<\/p>\n\n\n\n<p>Forum ALESA impressions et messages &gt;&gt; <a href=\"https:\/\/audioblog.arteradio.com\/blog\/268489\/podcast\/268630\/forum-alesa-impressions-et-messages-2-4\" target=\"_blank\" rel=\"noreferrer noopener\">2\/4<\/a> &#8211; 13&rsquo;15<\/p>\n\n\n\n<p>Forum ALESA impressions et messages &gt;&gt; <a href=\"https:\/\/audioblog.arteradio.com\/blog\/268489\/podcast\/268631\/forum-alesa-impressions-et-messages-3-4\" target=\"_blank\" rel=\"noreferrer noopener\">3\/4<\/a> &#8211; 4&rsquo;56<\/p>\n\n\n\n<p>Forum ALESA impressions et messages &gt;&gt; <a href=\"https:\/\/audioblog.arteradio.com\/blog\/268489\/podcast\/268636\/forum-alesa-impressions-et-messages-4-4\">4\/4<\/a> &#8211; 7&rsquo;51<\/p>\n\n\n\n<figure class=\"wp-block-image size-large\"><img loading=\"lazy\" decoding=\"async\" width=\"1024\" height=\"576\" src=\"https:\/\/sites.ensfea.fr\/reflexanim\/wp-content\/uploads\/sites\/24\/2026\/02\/forumBrestGroupe1-1024x576.jpg\" alt=\"\" class=\"wp-image-566\" srcset=\"https:\/\/sites.ensfea.fr\/reflexanim\/wp-content\/uploads\/sites\/24\/2026\/02\/forumBrestGroupe1-1024x576.jpg 1024w, https:\/\/sites.ensfea.fr\/reflexanim\/wp-content\/uploads\/sites\/24\/2026\/02\/forumBrestGroupe1-300x169.jpg 300w, https:\/\/sites.ensfea.fr\/reflexanim\/wp-content\/uploads\/sites\/24\/2026\/02\/forumBrestGroupe1-768x432.jpg 768w, https:\/\/sites.ensfea.fr\/reflexanim\/wp-content\/uploads\/sites\/24\/2026\/02\/forumBrestGroupe1-1536x864.jpg 1536w, https:\/\/sites.ensfea.fr\/reflexanim\/wp-content\/uploads\/sites\/24\/2026\/02\/forumBrestGroupe1.jpg 1600w\" sizes=\"auto, (max-width: 706px) 89vw, (max-width: 767px) 82vw, 740px\" \/><\/figure>\n\n\n\n<div class=\"wp-block-group\"><div class=\"wp-block-group__inner-container is-layout-constrained wp-block-group-is-layout-constrained\">\n<p class=\"has-small-font-size\">Le groupe apr\u00e8s l&rsquo;enregistrement de l&rsquo;\u00e9mission aux Capucins &#8211; 29 janvier 2026<br><\/p>\n<\/div><\/div>\n\n\n\n<h2 class=\"wp-block-heading\">Des forums r\u00e9gionaux<\/h2>\n\n\n\n<p>Des propositions issues des forums r\u00e9gionaux et synth\u00e9tis\u00e9es pendant le Forum national des ALESA \u00e0 Brest  :<\/p>\n\n\n\n<ul class=\"wp-block-list\">\n<li><strong>Garder le contact<\/strong> entre \u00e9lu.e.s partager sur les r\u00e9seaux sociaux, des id\u00e9es, des traces d\u2019activit\u00e9, prendre des nouvelles, &#8230;<\/li>\n\n\n\n<li><strong>\u00c9change de pratiques<\/strong> sous forme d\u2019atelier en pr\u00e9sentiel. A distance. Sur des th\u00e8mes pr\u00e9cis par exemple comment fabriquer des si\u00e8ges en palette pour le foyer, comment g\u00e9rer le bar, comment organiser une friperie \u2026<\/li>\n\n\n\n<li><strong>Organiser une a<\/strong><strong>ctivit\u00e9 en commun<\/strong>, se retrouver \u00e0 un concert, \u00e0 la patinoire, un week-end VTT Camping, organiser une f\u00eate commune&#8230;<\/li>\n\n\n\n<li><strong>Organiser des rencontres inspirantes,<\/strong> Tiers lieu, M\u00e9dias locaux, Responsables d\u2019association, Fablab, &#8230;<\/li>\n\n\n\n<li><strong>Communiquer<\/strong>, faire des affiches, des slogans, profiter des JPO et des m\u00e9dias existant dans l\u2019\u00e9tablissement, favoriser le bouche \u00e0 oreille par des restitutions publiques, faire vivre des instances ouvertes aux adh\u00e9rent.e.s, \u2026 Cr\u00e9er une radio ALESA<\/li>\n<\/ul>\n\n\n\n<p>Les r\u00e9gions organisatrices d&rsquo;un Forum r\u00e9gional et qui ont d\u00e9sign\u00e9 des repr\u00e9sentant.e.s pour le Forum national :<\/p>\n\n\n\n<ul class=\"wp-block-list\">\n<li>Normandie<\/li>\n\n\n\n<li>Occitanie<\/li>\n\n\n\n<li>Grand Est<\/li>\n\n\n\n<li>Auvergne Rh\u00f4ne Alpes<\/li>\n\n\n\n<li>Hauts de France<\/li>\n\n\n\n<li>Pays de la Loire<\/li>\n\n\n\n<li>Bourgogne Franche Cont\u00e9<\/li>\n\n\n\n<li>Occitanie<\/li>\n\n\n\n<li>Nouvelle Aquitaine<\/li>\n\n\n\n<li>La R\u00e9union<\/li>\n<\/ul>\n\n\n\n<p>Les forums r\u00e9gionaux ont \u00e9t\u00e9 initi\u00e9s \u00e0 partir d&rsquo;un appel \u00e0 projet publi\u00e9 le 18 aout 2025. Ils devaient comporter une dimension <a href=\"https:\/\/sites.ensfea.fr\/reflexanim\/de-less-dans-mon-alesa\/\" data-type=\"page\" data-id=\"482\">\u00c9conomie Sociale et Solidaire<\/a><\/p>\n\n\n\n<p><\/p>\n\n\n\n<p><strong>Un nouvel appel \u00e0 organiser des Forums r\u00e9gionaux sera publi\u00e9 en juin 2026. Et le prochain Forum national des ALESA devrait avoir lieu d\u00e9but 2027 !<\/strong><\/p>\n\n\n\n<p>L&rsquo;appel \u00e0 projet 2025 :<\/p>\n\n\n\n<div data-wp-interactive=\"core\/file\" class=\"wp-block-file\"><object data-wp-bind--hidden=\"!state.hasPdfPreview\" hidden class=\"wp-block-file__embed\" data=\"https:\/\/sites.ensfea.fr\/reflexanim\/wp-content\/uploads\/sites\/24\/2026\/02\/2025-524_final-Forums-ALESA.pdf\" type=\"application\/pdf\" style=\"width:100%;height:450px\" aria-label=\"Contenu embarqu\u00e9 2025-524_final-Forums-ALESA.\"><\/object><a id=\"wp-block-file--media-1305a299-fab3-4c39-81f4-34407510275e\" href=\"https:\/\/sites.ensfea.fr\/reflexanim\/wp-content\/uploads\/sites\/24\/2026\/02\/2025-524_final-Forums-ALESA.pdf\">2025-524_final-Forums-ALESA<\/a><a href=\"https:\/\/sites.ensfea.fr\/reflexanim\/wp-content\/uploads\/sites\/24\/2026\/02\/2025-524_final-Forums-ALESA.pdf\" class=\"wp-block-file__button wp-element-button\" download aria-describedby=\"wp-block-file--media-1305a299-fab3-4c39-81f4-34407510275e\">T\u00e9l\u00e9charger<\/a><\/div>\n\n\n\n<figure class=\"wp-block-image size-full\"><img loading=\"lazy\" decoding=\"async\" width=\"800\" height=\"223\" src=\"https:\/\/sites.ensfea.fr\/reflexanim\/wp-content\/uploads\/sites\/24\/2026\/02\/bandeau-ESS.jpg\" alt=\"\" class=\"wp-image-548\" srcset=\"https:\/\/sites.ensfea.fr\/reflexanim\/wp-content\/uploads\/sites\/24\/2026\/02\/bandeau-ESS.jpg 800w, https:\/\/sites.ensfea.fr\/reflexanim\/wp-content\/uploads\/sites\/24\/2026\/02\/bandeau-ESS-300x84.jpg 300w, https:\/\/sites.ensfea.fr\/reflexanim\/wp-content\/uploads\/sites\/24\/2026\/02\/bandeau-ESS-768x214.jpg 768w\" sizes=\"auto, (max-width: 706px) 89vw, (max-width: 767px) 82vw, 740px\" \/><\/figure>\n\n\n\n<div class=\"wp-block-uagb-separator uagb-block-5cb6a04d\"><div class=\"wp-block-uagb-separator__inner\" style=\"--my-background-image:\"><\/div><\/div>\n","protected":false},"excerpt":{"rendered":"<p>Un Forum national et des Forums r\u00e9gionaux La mise en relation des ALESA se construit petit \u00e0 petit. Dynamiser la vie associative, constituer des parcours d&rsquo;engagement, favoriser les \u00e9changes directs entre jeunes \u00e9lu.e.s , tels sont les objectifs de cette action initi\u00e9e par la DGER et mise en \u0153uvre par le r\u00e9seau CMA (Cultures, M\u00e9dias, &hellip; <\/p>\n<p class=\"link-more\"><a href=\"https:\/\/sites.ensfea.fr\/reflexanim\/des-forum-regionaux-et-un-forum-national\/\" class=\"more-link\">Continuer la lecture<span class=\"screen-reader-text\"> de &laquo;&nbsp;Forum ALESA 2025-2026&nbsp;&raquo;<\/span><\/a><\/p>\n","protected":false},"author":18,"featured_media":0,"parent":0,"menu_order":0,"comment_status":"closed","ping_status":"closed","template":"","meta":{"_uag_custom_page_level_css":"","footnotes":""},"class_list":["post-540","page","type-page","status-publish","hentry"],"uagb_featured_image_src":{"full":false,"thumbnail":false,"medium":false,"medium_large":false,"large":false,"1536x1536":false,"2048x2048":false,"twentyseventeen-featured-image":false,"twentyseventeen-thumbnail-avatar":false},"uagb_author_info":{"display_name":"Francis Gaillard","author_link":"https:\/\/sites.ensfea.fr\/reflexanim\/author\/fgaillard\/"},"uagb_comment_info":0,"uagb_excerpt":"Un Forum national et des Forums r\u00e9gionaux La mise en relation des ALESA se construit petit \u00e0 petit. Dynamiser la vie associative, constituer des parcours d&rsquo;engagement, favoriser les \u00e9changes directs entre jeunes \u00e9lu.e.s , tels sont les objectifs de cette action initi\u00e9e par la DGER et mise en \u0153uvre par le r\u00e9seau CMA (Cultures, M\u00e9dias,\u2026","_links":{"self":[{"href":"https:\/\/sites.ensfea.fr\/reflexanim\/wp-json\/wp\/v2\/pages\/540","targetHints":{"allow":["GET"]}}],"collection":[{"href":"https:\/\/sites.ensfea.fr\/reflexanim\/wp-json\/wp\/v2\/pages"}],"about":[{"href":"https:\/\/sites.ensfea.fr\/reflexanim\/wp-json\/wp\/v2\/types\/page"}],"author":[{"embeddable":true,"href":"https:\/\/sites.ensfea.fr\/reflexanim\/wp-json\/wp\/v2\/users\/18"}],"replies":[{"embeddable":true,"href":"https:\/\/sites.ensfea.fr\/reflexanim\/wp-json\/wp\/v2\/comments?post=540"}],"version-history":[{"count":29,"href":"https:\/\/sites.ensfea.fr\/reflexanim\/wp-json\/wp\/v2\/pages\/540\/revisions"}],"predecessor-version":[{"id":587,"href":"https:\/\/sites.ensfea.fr\/reflexanim\/wp-json\/wp\/v2\/pages\/540\/revisions\/587"}],"wp:attachment":[{"href":"https:\/\/sites.ensfea.fr\/reflexanim\/wp-json\/wp\/v2\/media?parent=540"}],"curies":[{"name":"wp","href":"https:\/\/api.w.org\/{rel}","templated":true}]}}